{"id":93,"date":"2023-06-27T00:22:19","date_gmt":"2023-06-27T03:22:19","guid":{"rendered":"https:\/\/autobateriaconcepcion.cl\/garage\/?page_id=93"},"modified":"2024-03-05T14:14:59","modified_gmt":"2024-03-05T17:14:59","slug":"nuestros-clientes","status":"publish","type":"page","link":"https:\/\/autobateriaconcepcion.cl\/garage\/nuestros-clientes\/","title":{"rendered":"Nuestros clientes"},"content":{"rendered":"\n<p>Nuestros clientes nos prefieren por nuestra calidad de servicio y confiabilidad a la hora de hacer un buen trabajo.<\/p>\n\n\n\n<div class=\"wp-block-columns is-layout-flex wp-container-core-columns-is-layout-9d6595d7 wp-block-columns-is-layout-flex\">\n<div class=\"wp-block-column is-layout-flow wp-block-column-is-layout-flow\">\n<hr class=\"wp-block-separator has-css-opacity is-style-default\"\/>\n\n\n<div class=\"wp-block-image is-style-rounded\">\n<figure class=\"aligncenter size-thumbnail\"><img decoding=\"async\" width=\"150\" height=\"150\" src=\"https:\/\/autobateriaconcepcion.cl\/garage\/wp-content\/uploads\/2023\/07\/valeria-150x150.png\" alt=\"\" class=\"wp-image-189\" srcset=\"https:\/\/autobateriaconcepcion.cl\/garage\/wp-content\/uploads\/2023\/07\/valeria-150x150.png 150w, https:\/\/autobateriaconcepcion.cl\/garage\/wp-content\/uploads\/2023\/07\/valeria-100x100.png 100w\" sizes=\"(max-width: 150px) 100vw, 150px\" \/><\/figure>\n<\/div>\n\n\n<blockquote class=\"wp-block-quote has-text-align-center is-style-large is-layout-flow wp-block-quote-is-layout-flow\">\n<p>&#8220;\u201cAutobater\u00eda Concepci\u00f3n Garage me logr\u00f3 solucionar un problema mec\u00e1nico que ning\u00fan otro hab\u00eda podido solucionar. Sin duda que los recomiendo por su profesionalismo, rapidez, y puntualidad.&#8221;<\/p>\n<cite>\u2014 Valeria Ross, Cliente<\/cite><\/blockquote>\n\n\n\n<hr class=\"wp-block-separator has-css-opacity is-style-default\"\/>\n<\/div>\n\n\n\n<div class=\"wp-block-column is-layout-flow wp-block-column-is-layout-flow\">\n<hr class=\"wp-block-separator has-css-opacity is-style-default\"\/>\n\n\n<div class=\"wp-block-image is-style-rounded\">\n<figure class=\"aligncenter size-thumbnail\"><img decoding=\"async\" width=\"150\" height=\"150\" src=\"https:\/\/autobateriaconcepcion.cl\/garage\/wp-content\/uploads\/2023\/07\/cristobal-150x150.jpg\" alt=\"\" class=\"wp-image-191\" srcset=\"https:\/\/autobateriaconcepcion.cl\/garage\/wp-content\/uploads\/2023\/07\/cristobal-150x150.jpg 150w, https:\/\/autobateriaconcepcion.cl\/garage\/wp-content\/uploads\/2023\/07\/cristobal-300x300.jpg 300w, https:\/\/autobateriaconcepcion.cl\/garage\/wp-content\/uploads\/2023\/07\/cristobal-768x768.jpg 768w, https:\/\/autobateriaconcepcion.cl\/garage\/wp-content\/uploads\/2023\/07\/cristobal-100x100.jpg 100w, https:\/\/autobateriaconcepcion.cl\/garage\/wp-content\/uploads\/2023\/07\/cristobal.jpg 960w\" sizes=\"(max-width: 150px) 100vw, 150px\" \/><\/figure>\n<\/div>\n\n\n<blockquote class=\"wp-block-quote has-text-align-center is-style-large is-layout-flow wp-block-quote-is-layout-flow\">\n<p>&#8220;El servicio garage de Autobater\u00eda Concepci\u00f3n es de primer nivel, me entregaron toda la informaci\u00f3n que necesitaba a la hora de comprar mi primer auto, escanearon el auto y me entregaron un completo informe con los detalles del veh\u00edculo. Sin duda alguna que los recomiendo.&#8221;<\/p>\n<cite>\u2014 Crist\u00f3bal Abello, <em>Cliente<\/em><\/cite><\/blockquote>\n\n\n\n<hr class=\"wp-block-separator has-css-opacity is-style-default\"\/>\n<\/div>\n\n\n\n<div class=\"wp-block-column is-layout-flow wp-block-column-is-layout-flow\">\n<hr class=\"wp-block-separator has-css-opacity is-style-default\"\/>\n\n\n<div class=\"wp-block-image is-style-rounded\">\n<figure class=\"aligncenter size-thumbnail\"><img decoding=\"async\" width=\"150\" height=\"150\" src=\"https:\/\/autobateriaconcepcion.cl\/garage\/wp-content\/uploads\/2023\/07\/unknown-150x150.jpg\" alt=\"\" class=\"wp-image-192\" srcset=\"https:\/\/autobateriaconcepcion.cl\/garage\/wp-content\/uploads\/2023\/07\/unknown-150x150.jpg 150w, https:\/\/autobateriaconcepcion.cl\/garage\/wp-content\/uploads\/2023\/07\/unknown-100x100.jpg 100w\" sizes=\"(max-width: 150px) 100vw, 150px\" \/><\/figure>\n<\/div>\n\n\n<blockquote class=\"wp-block-quote has-text-align-center is-style-large is-layout-flow wp-block-quote-is-layout-flow\">\n<p>&#8220;El profesionalismo de Autobater\u00eda Garage Concepci\u00f3n me ha dejado gratamente sorprendido, un servicio de primer nivel que me solucion\u00f3 mi problema en minutos, gracias a la herramientas que tienen pudieron detectar la falla del vehiculo inmediatamente. Los recomiendo.&#8221;<\/p>\n<cite>\u2014 Pedro Pe\u00f1a, <em>Cliente<\/em><\/cite><\/blockquote>\n\n\n\n<hr class=\"wp-block-separator has-css-opacity is-style-default\"\/>\n<\/div>\n<\/div>\n","protected":false},"excerpt":{"rendered":"<p>Nuestros clientes nos prefieren por nuestra calidad de servicio y confiabilidad a la hora de hacer un buen trabajo. &#8220;\u201cAutobater\u00eda Concepci\u00f3n Garage me logr\u00f3 solucionar un problema mec\u00e1nico que ning\u00fan otro hab\u00eda podido solucionar. Sin duda que los recomiendo por su profesionalismo, rapidez, y puntualidad.&#8221; &#8220;El servicio garage de Autobater\u00eda Concepci\u00f3n es de primer nivel, me entregaron toda la informaci\u00f3n que necesitaba a la hora de comprar mi primer auto, escanearon el auto y me entregaron un completo informe con los detalles del veh\u00edculo. Sin duda alguna que los recomiendo.&#8221; &#8220;El profesionalismo de Autobater\u00eda Garage Concepci\u00f3n me ha dejado gratamente sorprendido, un servicio de primer nivel que me solucion\u00f3 mi problema en minutos, gracias a la herramientas que tienen pudieron detectar la falla del vehiculo inmediatamente. Los recomiendo.&#8221;<\/p>\n","protected":false},"author":1,"featured_media":186,"parent":0,"menu_order":0,"comment_status":"closed","ping_status":"closed","template":"","meta":{"footnotes":""},"class_list":["post-93","page","type-page","status-publish","has-post-thumbnail"],"yoast_head":"<!-- This site is optimized with the Yoast SEO plugin v27.3 - https:\/\/yoast.com\/product\/yoast-seo-wordpress\/ -->\n<title>Nuestros clientes - Autobater\u00eda Concepci\u00f3n Garage<\/title>\n<meta name=\"robots\" content=\"index, follow, max-snippet:-1, max-image-preview:large, max-video-preview:-1\" \/>\n<link rel=\"canonical\" href=\"https:\/\/autobateriaconcepcion.cl\/garage\/nuestros-clientes\/\" \/>\n<meta property=\"og:locale\" content=\"es_ES\" \/>\n<meta property=\"og:type\" content=\"article\" \/>\n<meta property=\"og:title\" content=\"Nuestros clientes - Autobater\u00eda Concepci\u00f3n Garage\" \/>\n<meta property=\"og:description\" content=\"Nuestros clientes nos prefieren por nuestra calidad de servicio y confiabilidad a la hora de hacer un buen trabajo. &#8220;\u201cAutobater\u00eda Concepci\u00f3n Garage me logr\u00f3 solucionar un problema mec\u00e1nico que ning\u00fan otro hab\u00eda podido solucionar. Sin duda que los recomiendo por su profesionalismo, rapidez, y puntualidad.&#8221; &#8220;El servicio garage de Autobater\u00eda Concepci\u00f3n es de primer nivel, me entregaron toda la informaci\u00f3n que necesitaba a la hora de comprar mi primer auto, escanearon el auto y me entregaron un completo informe con los detalles del veh\u00edculo. Sin duda alguna que los recomiendo.&#8221; &#8220;El profesionalismo de Autobater\u00eda Garage Concepci\u00f3n me ha dejado gratamente sorprendido, un servicio de primer nivel que me solucion\u00f3 mi problema en minutos, gracias a la herramientas que tienen pudieron detectar la falla del vehiculo inmediatamente. Los recomiendo.&#8221;\" \/>\n<meta property=\"og:url\" content=\"https:\/\/autobateriaconcepcion.cl\/garage\/nuestros-clientes\/\" \/>\n<meta property=\"og:site_name\" content=\"Autobater\u00eda Concepci\u00f3n Garage\" \/>\n<meta property=\"article:publisher\" content=\"https:\/\/facebook.com\/autobateriaccp\" \/>\n<meta property=\"article:modified_time\" content=\"2024-03-05T17:14:59+00:00\" \/>\n<meta property=\"og:image\" content=\"https:\/\/autobateriaconcepcion.cl\/garage\/wp-content\/uploads\/2023\/06\/collage-creativo-experiencia-cliente-scaled.jpg\" \/>\n\t<meta property=\"og:image:width\" content=\"2560\" \/>\n\t<meta property=\"og:image:height\" content=\"1707\" \/>\n\t<meta property=\"og:image:type\" content=\"image\/jpeg\" \/>\n<meta name=\"twitter:card\" content=\"summary_large_image\" \/>\n<meta name=\"twitter:label1\" content=\"Tiempo estimado de lectura\" \/>\n\t<meta name=\"twitter:data1\" content=\"1 minuto\" \/>\n<script type=\"application\/ld+json\" class=\"yoast-schema-graph\">{\"@context\":\"https:\\\/\\\/schema.org\",\"@graph\":[{\"@type\":\"WebPage\",\"@id\":\"https:\\\/\\\/autobateriaconcepcion.cl\\\/garage\\\/nuestros-clientes\\\/\",\"url\":\"https:\\\/\\\/autobateriaconcepcion.cl\\\/garage\\\/nuestros-clientes\\\/\",\"name\":\"Nuestros clientes - Autobater\u00eda Concepci\u00f3n Garage\",\"isPartOf\":{\"@id\":\"https:\\\/\\\/autobateriaconcepcion.cl\\\/garage\\\/#website\"},\"primaryImageOfPage\":{\"@id\":\"https:\\\/\\\/autobateriaconcepcion.cl\\\/garage\\\/nuestros-clientes\\\/#primaryimage\"},\"image\":{\"@id\":\"https:\\\/\\\/autobateriaconcepcion.cl\\\/garage\\\/nuestros-clientes\\\/#primaryimage\"},\"thumbnailUrl\":\"https:\\\/\\\/autobateriaconcepcion.cl\\\/garage\\\/wp-content\\\/uploads\\\/2023\\\/06\\\/collage-creativo-experiencia-cliente-scaled.jpg\",\"datePublished\":\"2023-06-27T03:22:19+00:00\",\"dateModified\":\"2024-03-05T17:14:59+00:00\",\"breadcrumb\":{\"@id\":\"https:\\\/\\\/autobateriaconcepcion.cl\\\/garage\\\/nuestros-clientes\\\/#breadcrumb\"},\"inLanguage\":\"es-CL\",\"potentialAction\":[{\"@type\":\"ReadAction\",\"target\":[\"https:\\\/\\\/autobateriaconcepcion.cl\\\/garage\\\/nuestros-clientes\\\/\"]}]},{\"@type\":\"ImageObject\",\"inLanguage\":\"es-CL\",\"@id\":\"https:\\\/\\\/autobateriaconcepcion.cl\\\/garage\\\/nuestros-clientes\\\/#primaryimage\",\"url\":\"https:\\\/\\\/autobateriaconcepcion.cl\\\/garage\\\/wp-content\\\/uploads\\\/2023\\\/06\\\/collage-creativo-experiencia-cliente-scaled.jpg\",\"contentUrl\":\"https:\\\/\\\/autobateriaconcepcion.cl\\\/garage\\\/wp-content\\\/uploads\\\/2023\\\/06\\\/collage-creativo-experiencia-cliente-scaled.jpg\",\"width\":2560,\"height\":1707},{\"@type\":\"BreadcrumbList\",\"@id\":\"https:\\\/\\\/autobateriaconcepcion.cl\\\/garage\\\/nuestros-clientes\\\/#breadcrumb\",\"itemListElement\":[{\"@type\":\"ListItem\",\"position\":1,\"name\":\"Portada\",\"item\":\"https:\\\/\\\/autobateriaconcepcion.cl\\\/garage\\\/\"},{\"@type\":\"ListItem\",\"position\":2,\"name\":\"Nuestros clientes\"}]},{\"@type\":\"WebSite\",\"@id\":\"https:\\\/\\\/autobateriaconcepcion.cl\\\/garage\\\/#website\",\"url\":\"https:\\\/\\\/autobateriaconcepcion.cl\\\/garage\\\/\",\"name\":\"Autobater\u00eda Concepci\u00f3n Garage\",\"description\":\"Mec\u00e1nico a domicilio en Concepci\u00f3n\",\"publisher\":{\"@id\":\"https:\\\/\\\/autobateriaconcepcion.cl\\\/garage\\\/#organization\"},\"potentialAction\":[{\"@type\":\"SearchAction\",\"target\":{\"@type\":\"EntryPoint\",\"urlTemplate\":\"https:\\\/\\\/autobateriaconcepcion.cl\\\/garage\\\/?s={search_term_string}\"},\"query-input\":{\"@type\":\"PropertyValueSpecification\",\"valueRequired\":true,\"valueName\":\"search_term_string\"}}],\"inLanguage\":\"es-CL\"},{\"@type\":\"Organization\",\"@id\":\"https:\\\/\\\/autobateriaconcepcion.cl\\\/garage\\\/#organization\",\"name\":\"Autobater\u00eda Concepci\u00f3n Garage\",\"url\":\"https:\\\/\\\/autobateriaconcepcion.cl\\\/garage\\\/\",\"logo\":{\"@type\":\"ImageObject\",\"inLanguage\":\"es-CL\",\"@id\":\"https:\\\/\\\/autobateriaconcepcion.cl\\\/garage\\\/#\\\/schema\\\/logo\\\/image\\\/\",\"url\":\"https:\\\/\\\/autobateriaconcepcion.cl\\\/garage\\\/wp-content\\\/uploads\\\/2023\\\/06\\\/cropped-LOGO-VECTORIZADO-AUTOBATERIA-GARAGE-NEGATIVO.png\",\"contentUrl\":\"https:\\\/\\\/autobateriaconcepcion.cl\\\/garage\\\/wp-content\\\/uploads\\\/2023\\\/06\\\/cropped-LOGO-VECTORIZADO-AUTOBATERIA-GARAGE-NEGATIVO.png\",\"width\":350,\"height\":250,\"caption\":\"Autobater\u00eda Concepci\u00f3n Garage\"},\"image\":{\"@id\":\"https:\\\/\\\/autobateriaconcepcion.cl\\\/garage\\\/#\\\/schema\\\/logo\\\/image\\\/\"},\"sameAs\":[\"https:\\\/\\\/facebook.com\\\/autobateriaccp\",\"https:\\\/\\\/instagram.com\\\/autobateriaccp\"]}]}<\/script>\n<!-- \/ Yoast SEO plugin. -->","yoast_head_json":{"title":"Nuestros clientes - Autobater\u00eda Concepci\u00f3n Garage","robots":{"index":"index","follow":"follow","max-snippet":"max-snippet:-1","max-image-preview":"max-image-preview:large","max-video-preview":"max-video-preview:-1"},"canonical":"https:\/\/autobateriaconcepcion.cl\/garage\/nuestros-clientes\/","og_locale":"es_ES","og_type":"article","og_title":"Nuestros clientes - Autobater\u00eda Concepci\u00f3n Garage","og_description":"Nuestros clientes nos prefieren por nuestra calidad de servicio y confiabilidad a la hora de hacer un buen trabajo. &#8220;\u201cAutobater\u00eda Concepci\u00f3n Garage me logr\u00f3 solucionar un problema mec\u00e1nico que ning\u00fan otro hab\u00eda podido solucionar. Sin duda que los recomiendo por su profesionalismo, rapidez, y puntualidad.&#8221; &#8220;El servicio garage de Autobater\u00eda Concepci\u00f3n es de primer nivel, me entregaron toda la informaci\u00f3n que necesitaba a la hora de comprar mi primer auto, escanearon el auto y me entregaron un completo informe con los detalles del veh\u00edculo. Sin duda alguna que los recomiendo.&#8221; &#8220;El profesionalismo de Autobater\u00eda Garage Concepci\u00f3n me ha dejado gratamente sorprendido, un servicio de primer nivel que me solucion\u00f3 mi problema en minutos, gracias a la herramientas que tienen pudieron detectar la falla del vehiculo inmediatamente. Los recomiendo.&#8221;","og_url":"https:\/\/autobateriaconcepcion.cl\/garage\/nuestros-clientes\/","og_site_name":"Autobater\u00eda Concepci\u00f3n Garage","article_publisher":"https:\/\/facebook.com\/autobateriaccp","article_modified_time":"2024-03-05T17:14:59+00:00","og_image":[{"width":2560,"height":1707,"url":"https:\/\/autobateriaconcepcion.cl\/garage\/wp-content\/uploads\/2023\/06\/collage-creativo-experiencia-cliente-scaled.jpg","type":"image\/jpeg"}],"twitter_card":"summary_large_image","twitter_misc":{"Tiempo estimado de lectura":"1 minuto"},"schema":{"@context":"https:\/\/schema.org","@graph":[{"@type":"WebPage","@id":"https:\/\/autobateriaconcepcion.cl\/garage\/nuestros-clientes\/","url":"https:\/\/autobateriaconcepcion.cl\/garage\/nuestros-clientes\/","name":"Nuestros clientes - Autobater\u00eda Concepci\u00f3n Garage","isPartOf":{"@id":"https:\/\/autobateriaconcepcion.cl\/garage\/#website"},"primaryImageOfPage":{"@id":"https:\/\/autobateriaconcepcion.cl\/garage\/nuestros-clientes\/#primaryimage"},"image":{"@id":"https:\/\/autobateriaconcepcion.cl\/garage\/nuestros-clientes\/#primaryimage"},"thumbnailUrl":"https:\/\/autobateriaconcepcion.cl\/garage\/wp-content\/uploads\/2023\/06\/collage-creativo-experiencia-cliente-scaled.jpg","datePublished":"2023-06-27T03:22:19+00:00","dateModified":"2024-03-05T17:14:59+00:00","breadcrumb":{"@id":"https:\/\/autobateriaconcepcion.cl\/garage\/nuestros-clientes\/#breadcrumb"},"inLanguage":"es-CL","potentialAction":[{"@type":"ReadAction","target":["https:\/\/autobateriaconcepcion.cl\/garage\/nuestros-clientes\/"]}]},{"@type":"ImageObject","inLanguage":"es-CL","@id":"https:\/\/autobateriaconcepcion.cl\/garage\/nuestros-clientes\/#primaryimage","url":"https:\/\/autobateriaconcepcion.cl\/garage\/wp-content\/uploads\/2023\/06\/collage-creativo-experiencia-cliente-scaled.jpg","contentUrl":"https:\/\/autobateriaconcepcion.cl\/garage\/wp-content\/uploads\/2023\/06\/collage-creativo-experiencia-cliente-scaled.jpg","width":2560,"height":1707},{"@type":"BreadcrumbList","@id":"https:\/\/autobateriaconcepcion.cl\/garage\/nuestros-clientes\/#breadcrumb","itemListElement":[{"@type":"ListItem","position":1,"name":"Portada","item":"https:\/\/autobateriaconcepcion.cl\/garage\/"},{"@type":"ListItem","position":2,"name":"Nuestros clientes"}]},{"@type":"WebSite","@id":"https:\/\/autobateriaconcepcion.cl\/garage\/#website","url":"https:\/\/autobateriaconcepcion.cl\/garage\/","name":"Autobater\u00eda Concepci\u00f3n Garage","description":"Mec\u00e1nico a domicilio en Concepci\u00f3n","publisher":{"@id":"https:\/\/autobateriaconcepcion.cl\/garage\/#organization"},"potentialAction":[{"@type":"SearchAction","target":{"@type":"EntryPoint","urlTemplate":"https:\/\/autobateriaconcepcion.cl\/garage\/?s={search_term_string}"},"query-input":{"@type":"PropertyValueSpecification","valueRequired":true,"valueName":"search_term_string"}}],"inLanguage":"es-CL"},{"@type":"Organization","@id":"https:\/\/autobateriaconcepcion.cl\/garage\/#organization","name":"Autobater\u00eda Concepci\u00f3n Garage","url":"https:\/\/autobateriaconcepcion.cl\/garage\/","logo":{"@type":"ImageObject","inLanguage":"es-CL","@id":"https:\/\/autobateriaconcepcion.cl\/garage\/#\/schema\/logo\/image\/","url":"https:\/\/autobateriaconcepcion.cl\/garage\/wp-content\/uploads\/2023\/06\/cropped-LOGO-VECTORIZADO-AUTOBATERIA-GARAGE-NEGATIVO.png","contentUrl":"https:\/\/autobateriaconcepcion.cl\/garage\/wp-content\/uploads\/2023\/06\/cropped-LOGO-VECTORIZADO-AUTOBATERIA-GARAGE-NEGATIVO.png","width":350,"height":250,"caption":"Autobater\u00eda Concepci\u00f3n Garage"},"image":{"@id":"https:\/\/autobateriaconcepcion.cl\/garage\/#\/schema\/logo\/image\/"},"sameAs":["https:\/\/facebook.com\/autobateriaccp","https:\/\/instagram.com\/autobateriaccp"]}]}},"_links":{"self":[{"href":"https:\/\/autobateriaconcepcion.cl\/garage\/wp-json\/wp\/v2\/pages\/93","targetHints":{"allow":["GET"]}}],"collection":[{"href":"https:\/\/autobateriaconcepcion.cl\/garage\/wp-json\/wp\/v2\/pages"}],"about":[{"href":"https:\/\/autobateriaconcepcion.cl\/garage\/wp-json\/wp\/v2\/types\/page"}],"author":[{"embeddable":true,"href":"https:\/\/autobateriaconcepcion.cl\/garage\/wp-json\/wp\/v2\/users\/1"}],"replies":[{"embeddable":true,"href":"https:\/\/autobateriaconcepcion.cl\/garage\/wp-json\/wp\/v2\/comments?post=93"}],"version-history":[{"count":4,"href":"https:\/\/autobateriaconcepcion.cl\/garage\/wp-json\/wp\/v2\/pages\/93\/revisions"}],"predecessor-version":[{"id":347,"href":"https:\/\/autobateriaconcepcion.cl\/garage\/wp-json\/wp\/v2\/pages\/93\/revisions\/347"}],"wp:featuredmedia":[{"embeddable":true,"href":"https:\/\/autobateriaconcepcion.cl\/garage\/wp-json\/wp\/v2\/media\/186"}],"wp:attachment":[{"href":"https:\/\/autobateriaconcepcion.cl\/garage\/wp-json\/wp\/v2\/media?parent=93"}],"curies":[{"name":"wp","href":"https:\/\/api.w.org\/{rel}","templated":true}]}}